{"id":1358,"date":"2020-10-28T13:38:29","date_gmt":"2020-10-28T12:38:29","guid":{"rendered":"https:\/\/apartamentscalpatoi.cat\/?page_id=1358"},"modified":"2020-10-28T18:58:28","modified_gmt":"2020-10-28T17:58:28","slug":"aviso-legal","status":"publish","type":"page","link":"https:\/\/apartamentscalpatoi.cat\/es\/aviso-legal\/","title":{"rendered":"Aviso legal"},"content":{"rendered":"<p>[vc_section][\/vc_section][vc_section][vc_row][vc_column]<!--================ Section Heading ================-->\n<script>\n    (function($){\n        'use strict';\n\n        if(!$) return;\n\n        $(function(){\n            if(window.appear) {\n                appear({\n                    elements: function(){\n                        return document.querySelectorAll('#vc-milenia-section-heading-a21fc06bf33c8d2e6ab88a49548bce08-177760110232660031');\n                    },\n                    appear: function(element) {\n                        var $el = $(element);\n                        $el.addClass('milenia-visible').addClass($el.data('animation'));\n                    },\n                    reappear: false,\n                    bounds: -200\n                });\n            }\n        });\n    })(window.jQuery);\n<\/script>\n<div id=\"vc-milenia-section-heading-a21fc06bf33c8d2e6ab88a49548bce08-177760110232660031\" class=\"milenia-section-heading text-center  milenia-visible\" data-animation=\"none\">\n    \n    <h2 class=\"milenia-section-title milenia-font--first-accented\" style=\"font-size: 52px;line-height: 58px;margin-bottom: 37px;text-transform: none;font-style: normal;font-weight: 400;\">Aviso Legal<\/h2>\n\n    \n<\/div>\n<!--================ End of Section Heading ================-->\n[vc_empty_space][vc_column_text]<b>DATOS IDENTIFICATIVOS:<\/b><\/p>\n<p><span style=\"font-weight: 400;\">En cumplimiento de lo establecido en la Ley 34\/2002, de 11 de julio, de servicios de la sociedad de la informaci\u00f3n y de comercio electr\u00f3nico, le informamos que el responsable de este dominio web www.calpatoi.cat es CARRERAS REB\u00c9S S.L con CIF B25625518 y C\/ Segre 28, baixos CP 25724, Martinet de Cerdanya, Lleida.<\/span><\/p>\n<p><span style=\"font-weight: 400;\">Inscrita en el Registro Mercantil de Lleida, inscripci\u00f3n 2, hoja L20653, folio 74, tomo 1049. Puede contactar con el responsable en la direcci\u00f3n postal indicada, en el formulario web, en el tel\u00e9fono 619914019 o en la direcci\u00f3n de correo electr\u00f3nico: info@calpatoi.cat.<\/span><\/p>\n<p><b>ACEPTACI\u00d3N DEL USUARIO:<\/b><\/p>\n<p><span style=\"font-weight: 400;\">Este Aviso Legal regula el acceso y la utilizaci\u00f3n de la p\u00e1gina web www.calpatoi.cat que CARRERAS REB\u00c9S S.L pone a disposici\u00f3n de los usuarios de Internet.<\/span><\/p>\n<p><span style=\"font-weight: 400;\">Usuario: persona que accede, navega y participa en los servicios y actividades ofrecidos a trav\u00e9s de esta p\u00e1gina web.<\/span><\/p>\n<p><span style=\"font-weight: 400;\">El acceso y la navegaci\u00f3n de un usuario por esta direcci\u00f3n web, implica la aceptaci\u00f3n sin reservas del presente Aviso Legal.<\/span><\/p>\n<p><b>UTILIZACI\u00d3N DE LA WEB. PROPIEDAD INDUSTRIAL E INTELECTUAL. TODOS LOS DERECHOS RESERVADOS:<\/b><\/p>\n<p><span style=\"font-weight: 400;\">CARRERAS REB\u00c9S S.L, por s\u00ed o como cesionaria, es titular de todos los derechos de propiedad intelectual e industrial de su p\u00e1gina web, as\u00ed como de los elementos contenidos en la misma. A titulo enunciativo; im\u00e1genes, sonido, audio, v\u00eddeo, software, textos, marcas o logotipos, combinaciones de colores, estructura y dise\u00f1o. Todos los derechos est\u00e1n reservados.<\/span><\/p>\n<p><span style=\"font-weight: 400;\">El usuario se compromete a utilizar la Web, los contenidos y los servicios de conformidad con la Ley, el presente Aviso Legal, las buenas costumbres y el orden p\u00fablico.<\/span><\/p>\n<p><span style=\"font-weight: 400;\">En virtud de lo dispuesto en los art\u00edculos 8 y 32.1, segundo p\u00e1rrafo de la Ley de Propiedad Intelectual, quedan expresamente prohibidas la reproducci\u00f3n, la distribuci\u00f3n y la comunicaci\u00f3n p\u00fablica (incluida en su modalidad de puesta a disposici\u00f3n de la totalidad o parte de los contenidos de esta p\u00e1gina web), con fines comerciales, en cualquier soporte y por cualquier medio t\u00e9cnico, sin la autorizaci\u00f3n de CARRERAS REB\u00c9S S.L.<\/span><\/p>\n<p><span style=\"font-weight: 400;\">El USUARIO, se compromete a respetar los derechos de Propiedad Intelectual e Industrial titularidad de CARRERAS REB\u00c9S S.L.<\/span><\/p>\n<p><span style=\"font-weight: 400;\">Podr\u00e1 visualizar los elementos del portal, incluso imprimirlos, copiarlos o almacenarlos en el disco duro de su ordenador o en cualquier otro soporte f\u00edsico destinado para <\/span><b>uso personal y privado.<\/b><\/p>\n<p><span style=\"font-weight: 400;\">El USUARIO deber\u00e1 abstenerse de suprimir, alterar, eludir o manipular cualquier dispositivo de protecci\u00f3n o sistema de seguridad que estuviera instalado en la p\u00e1gina web de CARRERAS REB\u00c9S S.L.<\/span><\/p>\n<p><b>EXCLUSI\u00d3N DE GARANT\u00cdAS Y RESPONSABILIDAD:<\/b><\/p>\n<p><span style=\"font-weight: 400;\">CARRERAS REB\u00c9S S.L no se hace responsable, en ning\u00fan caso, de los da\u00f1os y perjuicios de cualquier naturaleza que pudieran ocasionarse a pesar de haber adoptado todas las medidas de seguridad tecnol\u00f3gicas necesarias para evitarlo o minimizarlo. A t\u00edtulo enunciativo; errores u omisiones en los contenidos, falta de disponibilidad del portal y transmisi\u00f3n de virus o programas maliciosos o lesivos en los contenidos.<\/span><\/p>\n<p><b>MODIFICACIONES:<\/b><\/p>\n<p><span style=\"font-weight: 400;\">CARRERAS REB\u00c9S S.L se reserva el derecho de efectuar sin previo aviso las modificaciones que considere oportunas en su portal. Puede cambiar, suprimir o a\u00f1adir tanto los contenidos y servicios que se presten a trav\u00e9s de la misma, como la formar en la que \u00e9stos aparezcan presentados o localizados en su portal.<\/span><\/p>\n<p><b>ENLACES DE TERCEROS:<\/b><\/p>\n<p><span style=\"font-weight: 400;\">En el caso de que en www.calpatoi.cat se dispusiesen enlaces o hiperv\u00ednculos hac\u00eda otros sitios de Internet, CARRERAS REB\u00c9S S.L no ejercer\u00e1 ning\u00fan tipo de control sobre dichos sitios y contenidos.<\/span><\/p>\n<p><span style=\"font-weight: 400;\">En ning\u00fan caso CARRERAS REB\u00c9S S.L asumir\u00e1 responsabilidad alguna por los contenidos de alg\u00fan enlace perteneciente a un sitio web ajeno, ni garantizar\u00e1 la disponibilidad t\u00e9cnica, de calidad, de fiabilidad, de exactitud, de amplitud, de veracidad, de validez y de constitucionalidad de cualquier material o informaci\u00f3n contenida en dichos hiperv\u00ednculos u otros sitios de Internet.<\/span><\/p>\n<p><span style=\"font-weight: 400;\">La inclusi\u00f3n de estas conexiones externas, no implicar\u00e1 ning\u00fan tipo de asociaci\u00f3n, fusi\u00f3n o participaci\u00f3n con las entidades conectadas.<\/span><\/p>\n<p><b>DERECHO DE EXCLUSI\u00d3N:<\/b><\/p>\n<p><span style=\"font-weight: 400;\">CARRERAS REB\u00c9S S.L se reservar\u00e1 el derecho a denegar o retirar el acceso al portal y\/o los servicios ofrecidos sin necesidad de preaviso, a instancia propia o de un tercero a aquellos usuarios que incumplan las presentes Condiciones Generales de Uso.<\/span><\/p>\n<p><b>GENERALIDADES:<\/b><\/p>\n<p><span style=\"font-weight: 400;\">CARRERAS REB\u00c9S S.L denunciar\u00e1 el incumplimiento de las presentes condiciones, as\u00ed como cualquier utilizaci\u00f3n indebida de su portal. Ejercer\u00e1 todas las acciones civiles y penales que le puedan corresponder en Derecho.<\/span><\/p>\n<p><b>MODIFICACI\u00d3N DE LAS PRESENTES CONDICIONES Y DURACI\u00d3N:<\/b><\/p>\n<p><span style=\"font-weight: 400;\">CARRERAS REB\u00c9S S.L podr\u00e1 modificar en cualquier momento las condiciones aqu\u00ed determinadas (ser\u00e1n publicadas).<\/span><\/p>\n<p><span style=\"font-weight: 400;\">La vigencia de las citadas condiciones ir\u00e1 en funci\u00f3n de su exposici\u00f3n y estar\u00e1n vigentes hasta que sean modificadas por otras (debidamente publicadas).<\/span><\/p>\n<p><b>PROTECCI\u00d3N DE DATOS:<\/b><\/p>\n<p><span style=\"font-weight: 400;\">CARRERAS REB\u00c9S S.L adopta las medidas t\u00e9cnicas y organizativas necesarias para garantizar la protecci\u00f3n de los datos de car\u00e1cter personal con el fin de evitar cualquier alteraci\u00f3n, p\u00e9rdida, tratamiento y acceso no autorizado, habida cuenta del estado de la t\u00e9cnica, la naturaleza de los datos almacenados y los riesgos a que est\u00e1n expuestos, de conformidad a lo establecido en la Ley Org\u00e1nica 3\/2018, de 5 de diciembre de Protecci\u00f3n de Datos Personales y Garant\u00eda de los Derechos Digitales (LOPDGDD) y en el Reglamento (UE) 2016\/679, del Parlamento Europeo y del Consejo de 27 de abril de 2016 relativo a la protecci\u00f3n de las personas f\u00edsicas en lo que respecta al tratamiento de datos personales y a la libre circulaci\u00f3n de estos datos.<\/span><\/p>\n<p><span style=\"font-weight: 400;\">El usuario podr\u00e1 proporcionar a CARRERAS REB\u00c9S S.L sus datos de car\u00e1cter personal a trav\u00e9s de los formularios facilitados en la presente web. Estos formularios incorporan el correspondiente texto en materia de protecci\u00f3n de datos de acuerdo a la LOPDGDD Y AL RGPD.<\/span><\/p>\n<p><span style=\"font-weight: 400;\">Si desea obtener m\u00e1s informaci\u00f3n, puede acceder a nuestra pol\u00edtica de privacidad.<\/span><\/p>\n<p><b>LEGISLACI\u00d3N APLICABLE Y JURISDICCI\u00d3N:<\/b><\/p>\n<p><span style=\"font-weight: 400;\">Todas las cuestiones que se susciten entre CARRERAS REB\u00c9S S.L y el USUARIO relativas al cumplimiento, interpretaci\u00f3n y validez del presente Aviso legal, se regir\u00e1n por sus propias cl\u00e1usulas y, en lo que en ellas no est\u00e9 previsto, de acuerdo con la legislaci\u00f3n espa\u00f1ola, someti\u00e9ndose expresamente las partes a la jurisdicci\u00f3n de los Juzgados y Tribunales del partido judicial correspondiente.<\/span>[\/vc_column_text][\/vc_column][\/vc_row][\/vc_section]<\/p>\n","protected":false},"excerpt":{"rendered":"<p>[vc_section][\/vc_section][vc_section][vc_row][vc_column][vc_empty_space][vc_column_text]DATOS IDENTIFICATIVOS: En cumplimiento de lo establecido en la Ley 34\/2002, de 11 de julio, de servicios de&#8230;<\/p>\n","protected":false},"author":4,"featured_media":0,"parent":0,"menu_order":0,"comment_status":"closed","ping_status":"closed","template":"","meta":{"footnotes":""},"class_list":["post-1358","page","type-page","status-publish","hentry"],"yoast_head":"<!-- This site is optimized with the Yoast SEO plugin v26.8 - https:\/\/yoast.com\/product\/yoast-seo-wordpress\/ -->\n<title>Aviso legal - Cal Patoi<\/title>\n<meta name=\"description\" content=\"Aviso legal y pol\u00edtica de privacidad de la p\u00e1gina web de Cal Patoi.\" \/>\n<meta name=\"robots\" content=\"noindex, follow\" \/>\n<meta property=\"og:locale\" content=\"es_ES\" \/>\n<meta property=\"og:type\" content=\"article\" \/>\n<meta property=\"og:title\" content=\"Aviso legal - Cal Patoi\" \/>\n<meta property=\"og:description\" content=\"Aviso legal y pol\u00edtica de privacidad de la p\u00e1gina web de Cal Patoi.\" \/>\n<meta property=\"og:url\" content=\"https:\/\/apartamentscalpatoi.cat\/es\/aviso-legal\/\" \/>\n<meta property=\"og:site_name\" content=\"Cal Patoi\" \/>\n<meta property=\"article:publisher\" content=\"https:\/\/www.facebook.com\/apartamentscalpatoi\" \/>\n<meta property=\"article:modified_time\" content=\"2020-10-28T17:58:28+00:00\" \/>\n<meta name=\"twitter:card\" content=\"summary_large_image\" \/>\n<meta name=\"twitter:label1\" content=\"Tiempo de lectura\" \/>\n\t<meta name=\"twitter:data1\" content=\"6 minutos\" \/>\n<script type=\"application\/ld+json\" class=\"yoast-schema-graph\">{\"@context\":\"https:\/\/schema.org\",\"@graph\":[{\"@type\":\"WebPage\",\"@id\":\"https:\/\/apartamentscalpatoi.cat\/es\/aviso-legal\/\",\"url\":\"https:\/\/apartamentscalpatoi.cat\/es\/aviso-legal\/\",\"name\":\"Aviso legal - Cal Patoi\",\"isPartOf\":{\"@id\":\"\/#website\"},\"datePublished\":\"2020-10-28T12:38:29+00:00\",\"dateModified\":\"2020-10-28T17:58:28+00:00\",\"description\":\"Aviso legal y pol\u00edtica de privacidad de la p\u00e1gina web de Cal Patoi.\",\"breadcrumb\":{\"@id\":\"https:\/\/apartamentscalpatoi.cat\/es\/aviso-legal\/#breadcrumb\"},\"inLanguage\":\"es\",\"potentialAction\":[{\"@type\":\"ReadAction\",\"target\":[\"https:\/\/apartamentscalpatoi.cat\/es\/aviso-legal\/\"]}]},{\"@type\":\"BreadcrumbList\",\"@id\":\"https:\/\/apartamentscalpatoi.cat\/es\/aviso-legal\/#breadcrumb\",\"itemListElement\":[{\"@type\":\"ListItem\",\"position\":1,\"name\":\"Home\",\"item\":\"https:\/\/apartamentscalpatoi.cat\/es\/\"},{\"@type\":\"ListItem\",\"position\":2,\"name\":\"Aviso legal\"}]},{\"@type\":\"WebSite\",\"@id\":\"\/#website\",\"url\":\"\/\",\"name\":\"Cal Patoi\",\"description\":\"Apartaments de nova construcci\u00f3 a la Cerdanya, entre Puigcerd\u00e0, la Seu d&#039;Urgell i Andorra. Ideals per gaudir d&#039;una estada tranquil\u00b7la i agradable, rodejats pel...\",\"publisher\":{\"@id\":\"\/#organization\"},\"potentialAction\":[{\"@type\":\"SearchAction\",\"target\":{\"@type\":\"EntryPoint\",\"urlTemplate\":\"\/?s={search_term_string}\"},\"query-input\":{\"@type\":\"PropertyValueSpecification\",\"valueRequired\":true,\"valueName\":\"search_term_string\"}}],\"inLanguage\":\"es\"},{\"@type\":\"Organization\",\"@id\":\"\/#organization\",\"name\":\"Apartaments Tur\u00edstics Cal Patoi\",\"url\":\"\/\",\"logo\":{\"@type\":\"ImageObject\",\"inLanguage\":\"es\",\"@id\":\"\/#\/schema\/logo\/image\/\",\"url\":\"https:\/\/apartamentscalpatoi.cat\/wp-content\/uploads\/2020\/09\/logo-cal-patoi.png\",\"contentUrl\":\"https:\/\/apartamentscalpatoi.cat\/wp-content\/uploads\/2020\/09\/logo-cal-patoi.png\",\"width\":294,\"height\":66,\"caption\":\"Apartaments Tur\u00edstics Cal Patoi\"},\"image\":{\"@id\":\"\/#\/schema\/logo\/image\/\"},\"sameAs\":[\"https:\/\/www.facebook.com\/apartamentscalpatoi\",\"https:\/\/www.instagram.com\/cal_patoi\/\"]}]}<\/script>\n<!-- \/ Yoast SEO plugin. -->","yoast_head_json":{"title":"Aviso legal - Cal Patoi","description":"Aviso legal y pol\u00edtica de privacidad de la p\u00e1gina web de Cal Patoi.","robots":{"index":"noindex","follow":"follow"},"og_locale":"es_ES","og_type":"article","og_title":"Aviso legal - Cal Patoi","og_description":"Aviso legal y pol\u00edtica de privacidad de la p\u00e1gina web de Cal Patoi.","og_url":"https:\/\/apartamentscalpatoi.cat\/es\/aviso-legal\/","og_site_name":"Cal Patoi","article_publisher":"https:\/\/www.facebook.com\/apartamentscalpatoi","article_modified_time":"2020-10-28T17:58:28+00:00","twitter_card":"summary_large_image","twitter_misc":{"Tiempo de lectura":"6 minutos"},"schema":{"@context":"https:\/\/schema.org","@graph":[{"@type":"WebPage","@id":"https:\/\/apartamentscalpatoi.cat\/es\/aviso-legal\/","url":"https:\/\/apartamentscalpatoi.cat\/es\/aviso-legal\/","name":"Aviso legal - Cal Patoi","isPartOf":{"@id":"\/#website"},"datePublished":"2020-10-28T12:38:29+00:00","dateModified":"2020-10-28T17:58:28+00:00","description":"Aviso legal y pol\u00edtica de privacidad de la p\u00e1gina web de Cal Patoi.","breadcrumb":{"@id":"https:\/\/apartamentscalpatoi.cat\/es\/aviso-legal\/#breadcrumb"},"inLanguage":"es","potentialAction":[{"@type":"ReadAction","target":["https:\/\/apartamentscalpatoi.cat\/es\/aviso-legal\/"]}]},{"@type":"BreadcrumbList","@id":"https:\/\/apartamentscalpatoi.cat\/es\/aviso-legal\/#breadcrumb","itemListElement":[{"@type":"ListItem","position":1,"name":"Home","item":"https:\/\/apartamentscalpatoi.cat\/es\/"},{"@type":"ListItem","position":2,"name":"Aviso legal"}]},{"@type":"WebSite","@id":"\/#website","url":"\/","name":"Cal Patoi","description":"Apartaments de nova construcci\u00f3 a la Cerdanya, entre Puigcerd\u00e0, la Seu d&#039;Urgell i Andorra. Ideals per gaudir d&#039;una estada tranquil\u00b7la i agradable, rodejats pel...","publisher":{"@id":"\/#organization"},"potentialAction":[{"@type":"SearchAction","target":{"@type":"EntryPoint","urlTemplate":"\/?s={search_term_string}"},"query-input":{"@type":"PropertyValueSpecification","valueRequired":true,"valueName":"search_term_string"}}],"inLanguage":"es"},{"@type":"Organization","@id":"\/#organization","name":"Apartaments Tur\u00edstics Cal Patoi","url":"\/","logo":{"@type":"ImageObject","inLanguage":"es","@id":"\/#\/schema\/logo\/image\/","url":"https:\/\/apartamentscalpatoi.cat\/wp-content\/uploads\/2020\/09\/logo-cal-patoi.png","contentUrl":"https:\/\/apartamentscalpatoi.cat\/wp-content\/uploads\/2020\/09\/logo-cal-patoi.png","width":294,"height":66,"caption":"Apartaments Tur\u00edstics Cal Patoi"},"image":{"@id":"\/#\/schema\/logo\/image\/"},"sameAs":["https:\/\/www.facebook.com\/apartamentscalpatoi","https:\/\/www.instagram.com\/cal_patoi\/"]}]}},"_links":{"self":[{"href":"https:\/\/apartamentscalpatoi.cat\/es\/wp-json\/wp\/v2\/pages\/1358","targetHints":{"allow":["GET"]}}],"collection":[{"href":"https:\/\/apartamentscalpatoi.cat\/es\/wp-json\/wp\/v2\/pages"}],"about":[{"href":"https:\/\/apartamentscalpatoi.cat\/es\/wp-json\/wp\/v2\/types\/page"}],"author":[{"embeddable":true,"href":"https:\/\/apartamentscalpatoi.cat\/es\/wp-json\/wp\/v2\/users\/4"}],"replies":[{"embeddable":true,"href":"https:\/\/apartamentscalpatoi.cat\/es\/wp-json\/wp\/v2\/comments?post=1358"}],"version-history":[{"count":0,"href":"https:\/\/apartamentscalpatoi.cat\/es\/wp-json\/wp\/v2\/pages\/1358\/revisions"}],"wp:attachment":[{"href":"https:\/\/apartamentscalpatoi.cat\/es\/wp-json\/wp\/v2\/media?parent=1358"}],"curies":[{"name":"wp","href":"https:\/\/api.w.org\/{rel}","templated":true}]}}